{"id":1229,"date":"2023-03-14T14:54:54","date_gmt":"2023-03-14T13:54:54","guid":{"rendered":"http:\/\/www.gruene-wolfhagen.de\/?page_id=1229"},"modified":"2026-02-09T21:14:31","modified_gmt":"2026-02-09T20:14:31","slug":"neue-startseite","status":"publish","type":"page","link":"http:\/\/www.gruene-wolfhagen.de\/","title":{"rendered":"Die GR\u00dcNEN im Wolfhager Land"},"content":{"rendered":"\n<div class=\"wp-block-cover is-light\" style=\"min-height:519px;aspect-ratio:unset;\"><img decoding=\"async\" class=\"wp-block-cover__image-background wp-image-382\" alt=\"\" src=\"https:\/\/sunflower-theme.de\/demo\/wp-content\/uploads\/sites\/6\/2021\/03\/matthias-oberholzer-gM5msl7rP2k-unsplash_s_crop-4.jpg\" style=\"object-position:52% 17%\" data-object-fit=\"cover\" data-object-position=\"52% 17%\"\/><span aria-hidden=\"true\" class=\"wp-block-cover__background has-background-dim-20 has-background-dim\"><\/span><div class=\"wp-block-cover__inner-container is-layout-flow wp-block-cover-is-layout-flow\">\n<h1 class=\"wp-block-heading has-text-align-center no-link has-white-color has-text-color\"><a href=\"#first-content\" data-type=\"internal\" data-id=\"#first-content\">Gemeinsam f\u00fcr ein gr\u00fcnes Wolfhagen<\/a><\/h1>\n<\/div><\/div>\n\n\n\n<div class=\"wp-block-group is-layout-flow wp-block-group-is-layout-flow\">\n<div class=\"wp-block-columns is-layout-flex wp-container-core-columns-is-layout-9d6595d7 wp-block-columns-is-layout-flex\">\n<div class=\"wp-block-column is-layout-flow wp-block-column-is-layout-flow\">\n<h2 class=\"wp-block-heading h1\" id=\"first-content\">Herzlich<br>Willkommen<\/h2>\n\n\n\n<h3 class=\"wp-block-heading h4\">bei den GR\u00dcNEN Wolfhagen.<\/h3>\n<\/div>\n\n\n\n<div class=\"wp-block-column is-layout-flow wp-block-column-is-layout-flow\">\n<p><\/p>\n\n\n\n<p>Liebe Interessierte,<br>dies ist die Webseite der Wolfhager Gr\u00fcnen. Wir sind eine Gruppe von demokratisch und \u00f6kologisch denkenden B\u00fcrgerinnen und B\u00fcrgern in Wolfhagen. Gegr\u00fcndet haben wir uns im August 2010. Wir freuen uns, Dich hier begr\u00fc\u00dfen zu d\u00fcrfen. Es geht hier nicht nur um Wolfhagen, sondern um das ganze Wolfhager Land mit seinen sch\u00f6nen Ortschaften. Aber auch um eine zukunftsf\u00e4hige, Mensch und Umwelt respektierende Politik f\u00fcr das ganze Land.<\/p>\n\n\n\n<figure class=\"wp-block-image size-large\"><img loading=\"lazy\" decoding=\"async\" width=\"1024\" height=\"683\" src=\"http:\/\/www.gruene-wolfhagen.de\/wp-content\/uploads\/2026\/01\/WOH-Gruene-Kand.-25.0126-AS1_2227-1024x683.jpg\" alt=\"\" class=\"wp-image-1426\" srcset=\"http:\/\/www.gruene-wolfhagen.de\/wp-content\/uploads\/2026\/01\/WOH-Gruene-Kand.-25.0126-AS1_2227-1024x683.jpg 1024w, http:\/\/www.gruene-wolfhagen.de\/wp-content\/uploads\/2026\/01\/WOH-Gruene-Kand.-25.0126-AS1_2227-300x200.jpg 300w, http:\/\/www.gruene-wolfhagen.de\/wp-content\/uploads\/2026\/01\/WOH-Gruene-Kand.-25.0126-AS1_2227-768x512.jpg 768w, http:\/\/www.gruene-wolfhagen.de\/wp-content\/uploads\/2026\/01\/WOH-Gruene-Kand.-25.0126-AS1_2227-1536x1024.jpg 1536w, http:\/\/www.gruene-wolfhagen.de\/wp-content\/uploads\/2026\/01\/WOH-Gruene-Kand.-25.0126-AS1_2227-2048x1365.jpg 2048w\" sizes=\"auto, (max-width: 1024px) 100vw, 1024px\" \/><\/figure>\n\n\n\n<p class=\"has-grashalm-background-color has-background\"><strong>Unsere Kandidaten. Weiterlesen: Politik f\u00fcr Wolfhagen \/ Kommunalwahl 2026.<\/strong><\/p>\n<\/div>\n<\/div>\n<\/div>\n\n\n\n<div class=\"wp-block-group same-height has-white-background-color has-background is-layout-flow wp-block-group-is-layout-flow\">\n<h2 class=\"wp-block-heading has-text-align-center h1\">Unsere Themen<\/h2>\n\n\n\n<div class=\"wp-block-columns is-layout-flex wp-container-core-columns-is-layout-9d6595d7 wp-block-columns-is-layout-flex\">\n<div class=\"wp-block-column is-layout-flow wp-block-column-is-layout-flow\">\n<figure class=\"wp-block-image size-large is-resized is-style-default\"><img decoding=\"async\" src=\"https:\/\/sunflower-theme.de\/demo\/wp-content\/uploads\/sites\/6\/2021\/01\/shed-bicycle-bike-old-wooden-shack-336505-1024x680.jpg\" alt=\"Shed Bicycle Bike Old Wooden Shack  - Free-Photos \/ Pixabay\" class=\"wp-image-116\" style=\"width:229px;height:auto\"\/><\/figure>\n\n\n\n<h2 class=\"wp-block-heading has-tanne-color has-text-color has-link-color wp-elements-51e66efbf93bb8848cf7e0ce4c81134d\">Verkehr<\/h2>\n\n\n\n<p>Mobili\u00e4t ist wichtig. Verkehrsraum ist nicht unbegrenzt gegeben. Eine gerechte Verteilung der Ressource f\u00fcr alle: Fu\u00dfg\u00e4nger, Radfahrer, motorisierter Verkehr, Bus und Bahn. Das 9 Euro, dann 49 Euro Ticket ist ein gr\u00fcner Erfolg. Es reduziert B\u00fcrokratie, erm\u00f6glicht Mobilit\u00e4t f\u00fcr alle. Ohne soziale Unterschiede. Leider ab 2025: 58 Euro. W\u00e4ren die Gr\u00fcnen st\u00e4rker, w\u00e4re es anders.<\/p>\n\n\n\n<div class=\"wp-block-buttons is-layout-flex wp-block-buttons-is-layout-flex\">\n<div class=\"wp-block-button\"><a class=\"wp-block-button__link wp-element-button\" href=\"http:\/\/www.gruene-wolfhagen.de\/?page_id=1278\">Mehr erfahren<\/a><\/div>\n<\/div>\n<\/div>\n\n\n\n<div class=\"wp-block-column is-layout-flow wp-block-column-is-layout-flow\">\n<figure class=\"wp-block-image size-large is-resized\"><img decoding=\"async\" src=\"https:\/\/sunflower-theme.de\/demo\/wp-content\/uploads\/sites\/6\/2021\/01\/toddler-boy-field-happy-smile-5921836-1024x768.jpg\" alt=\"Toddler Boy Field Happy Smile  - IamFOSNA \/ Pixabay\" class=\"wp-image-114\" style=\"width:209px;height:auto\"\/><\/figure>\n\n\n\n<h4 class=\"wp-block-heading h2 mt-4\">Wirtschaft\/Soziales<\/h4>\n\n\n\n<p>Die FDP u.a. fordern lautstark eine Wirtschaftswende &#8211; ja, aber keine Rolle r\u00fcckw\u00e4rts! Wir brauchen eine klimaneutrale Modernisierung der Wirtschaft, Infrastrukturinvestionen und mehr Gerechtigkeit in der Einkommensverteilung zwischen &#8222;oben&#8220; und &#8222;unten&#8220;. Nur das sichert Wohlstand und Zusammenhalt der Gesellschaft. Und unsere Demokratie.<\/p>\n\n\n\n<div class=\"wp-block-buttons is-layout-flex wp-block-buttons-is-layout-flex\">\n<div class=\"wp-block-button\"><a class=\"wp-block-button__link wp-element-button\" href=\"http:\/\/www.gruene-wolfhagen.de\/?page_id=1279\">Mehr erfahren<\/a><\/div>\n<\/div>\n<\/div>\n\n\n\n<div class=\"wp-block-column is-layout-flow wp-block-column-is-layout-flow\">\n<figure class=\"wp-block-image size-large is-resized\"><img decoding=\"async\" src=\"https:\/\/sunflower-theme.de\/demo\/wp-content\/uploads\/sites\/6\/2021\/01\/sibirische-schwertlilie-schaaren-5220111-1024x768.jpg\" alt=\"Sibirische Schwertlilie Schaaren  - xat-ch \/ Pixabay\" class=\"wp-image-108\" style=\"width:207px;height:auto\"\/><\/figure>\n\n\n\n<h4 class=\"wp-block-heading h2 mt-4\">Umwelt<\/h4>\n\n\n\n<p>Im ersten Halbjahr 2024 deckten erneuerbare Energien 60% des Strombedarfes der BRD. Soviel gr\u00fcner Strom wie noch nie. Das Ziel: 2030  80% Bedarfsdeckung in der BRD durch gr\u00fcnen Strom. Doch was geschieht bei der seltenen, aber oft genannten &#8222;Dunkelflaute&#8220;?<\/p>\n\n\n\n<div class=\"wp-block-buttons is-layout-flex wp-block-buttons-is-layout-flex\">\n<div class=\"wp-block-button\"><a class=\"wp-block-button__link wp-element-button\" href=\"http:\/\/www.gruene-wolfhagen.de\/?page_id=1286\">Mehr erfahren<\/a><\/div>\n<\/div>\n<\/div>\n<\/div>\n<\/div>\n\n\n<div class=\"has-background latest-posts wp-block-sunflower-latest-posts\">\n        <div class=\"wp-block-group__inner-container\">\n            <h2 class=\"text-center h1\"><\/h2>\n                <div class=\"row\" data-masonry='{\"percentPosition\": true }'><div class=\"col-md-6\">\n<article id=\"post-1424\" class=\"bg-white mb-4 has-shadow post-1424 post type-post status-publish format-standard has-post-thumbnail hentry category-allgemein category-home\">\n\t<div class=\"\">\n\t\t\t\t\t<div class=\"\">\n\t\t\t\t<a href=\"http:\/\/www.gruene-wolfhagen.de\/?p=1424\" aria-label=\"Post Thumbnail\" rel=\"bookmark\">\n\t\t\t\t\t\t\t\t<img loading=\"lazy\" decoding=\"async\" width=\"640\" height=\"427\" src=\"http:\/\/www.gruene-wolfhagen.de\/wp-content\/uploads\/2026\/01\/WOH-Gruene-Kand.-25.0126-AS1_2227-768x512.jpg\" class=\"post-thumbnail wp-post-image\" alt=\"Kommunalwahl 2026: Wir gehen mit Frauenpower ins Rennen!\" \/>\n\n\t\t\t\t\t\t\t<\/a>\n\t\t\t<\/div>\n\t\t\t\t\t<div class=\"p-45\">\n\t\t\t<header class=\"entry-header mb-2\">\n\t\t\t\t\t\t\t\t<h2 class=\"card-title h4 mb-3\"><a href=\"http:\/\/www.gruene-wolfhagen.de\/?p=1424\" rel=\"bookmark\">Kommunalwahl 2026: Wir gehen mit Frauenpower ins Rennen!<\/a><\/h2>\t\t\t\t\t<div class=\"entry-meta mb-3\">\n\t\t\t\t\t\t<span class=\"posted-on\"><time class=\"entry-date published\" datetime=\"2026-01-25T21:45:59+01:00\">25. Januar 2026<\/time><time class=\"updated\" datetime=\"2026-02-09T20:49:55+01:00\">9. Februar 2026<\/time><\/span>\t\t\t\t\t<\/div><!-- .entry-meta -->\n\t\t\t\t\t\t\t\t<\/header><!-- .entry-header -->\n\n\t\t\t<div class=\"entry-content\">\n\t\t\t\t<a href=\"http:\/\/www.gruene-wolfhagen.de\/?p=1424\" rel=\"bookmark\">\n\t\t\t\t<p>Am 10. Dez..2025 stellten wir, GR\u00dcNE Wolfhagen, unsere offene Liste der Kandidaten f\u00fcr das Stadtparlament auf. Unter den ersten sechs Listenpl\u00e4tze kandidieren drei Frauen. Das ist klasse! Mit ihrer besonderen [&hellip;]<\/p>\n\t\t\t\t<\/a>\n\t\t\t<\/div><!-- .entry-content -->\n\n\t\t\t<footer class=\"entry-footer\">\n\t\t\t\t\t\t\t<div class=\"d-flex mt-2 mb-2\">\n\t\t\t\t\t\t\t\t<div>\n\t\t<span class=\"cat-links small\"><a href=\"http:\/\/www.gruene-wolfhagen.de\/?cat=1\" rel=\"category\">Allgemein<\/a>, <a href=\"http:\/\/www.gruene-wolfhagen.de\/?cat=3\" rel=\"category\">Home<\/a><\/span>\n\t\t\t\t<\/div>\n\t\t\t<\/div>\n\t\t\n\t\t\t\t<div class=\"d-flex flex-row-reverse\">\n\t\t\t\t\t<a href=\"http:\/\/www.gruene-wolfhagen.de\/?p=1424\" rel=\"bookmark\" class=\"continue-reading\">\n\t\t\t\t\tweiterlesen\t\t\t\t<\/a>\n\t\t\t\t<\/div>\n\t\t\t<\/footer><!-- .entry-footer -->\n\t\t<\/div>\n\t<\/div>\n<\/article><!-- #post-1424 -->\n<\/div><div class=\"col-md-6\">\n<article id=\"post-1404\" class=\"bg-white mb-4 has-shadow post-1404 post type-post status-publish format-standard hentry category-allgemein\">\n\t<div class=\"\">\n\t\t\t\t<div class=\"p-45\">\n\t\t\t<header class=\"entry-header mb-2\">\n\t\t\t\t\t\t\t\t<h2 class=\"card-title h4 mb-3\"><a href=\"http:\/\/www.gruene-wolfhagen.de\/?p=1404\" rel=\"bookmark\">Gr\u00fcner Sommertreff 2025<\/a><\/h2>\t\t\t\t\t<div class=\"entry-meta mb-3\">\n\t\t\t\t\t\t<span class=\"posted-on\"><time class=\"entry-date published\" datetime=\"2025-08-27T23:45:12+02:00\">27. August 2025<\/time><time class=\"updated\" datetime=\"2025-08-27T23:45:13+02:00\">27. August 2025<\/time><\/span>\t\t\t\t\t<\/div><!-- .entry-meta -->\n\t\t\t\t\t\t\t\t<\/header><!-- .entry-header -->\n\n\t\t\t<div class=\"entry-content\">\n\t\t\t\t<a href=\"http:\/\/www.gruene-wolfhagen.de\/?p=1404\" rel=\"bookmark\">\n\t\t\t\t<p>am Sonntag, 31. August.2024 von 14:00 &#8211; 18:00 UhrOrt: Stadtwald Wolfhagen, Wanderparkplatz &#8222;Heller Platz&#8220;. Wir sitzen zusammen, Schnuddeln, Essen und Trinken. Ein familienfreundlicher Sonntagnachmittag mit einem kleinen M\u00e4rchentheater\/Besch\u00e4ftigung f\u00fcr die [&hellip;]<\/p>\n\t\t\t\t<\/a>\n\t\t\t<\/div><!-- .entry-content -->\n\n\t\t\t<footer class=\"entry-footer\">\n\t\t\t\t\t\t\t<div class=\"d-flex mt-2 mb-2\">\n\t\t\t\t\t\t\t\t<div>\n\t\t<span class=\"cat-links small\"><a href=\"http:\/\/www.gruene-wolfhagen.de\/?cat=1\" rel=\"category\">Allgemein<\/a><\/span>\n\t\t\t\t<\/div>\n\t\t\t<\/div>\n\t\t\n\t\t\t\t<div class=\"d-flex flex-row-reverse\">\n\t\t\t\t\t<a href=\"http:\/\/www.gruene-wolfhagen.de\/?p=1404\" rel=\"bookmark\" class=\"continue-reading\">\n\t\t\t\t\tweiterlesen\t\t\t\t<\/a>\n\t\t\t\t<\/div>\n\t\t\t<\/footer><!-- .entry-footer -->\n\t\t<\/div>\n\t<\/div>\n<\/article><!-- #post-1404 -->\n<\/div>\n    <a class=\"text-white no-link d-block bg-primary has-green-550-hover-background-color border-radius\" href=\"http:\/\/www.gruene-wolfhagen.de?post_type=post\" rel=\"\">\n        <div class=\"p-45 row\">\n        <span class=\"continue-reading text-white text-center pt-0\">zum Blog-Archiv<\/span>\n        <\/div>\n    <\/a>\n<\/div><\/div><\/div>\n\n\n<div class=\"wp-block-group alignwide has-white-background-color has-background is-layout-flow wp-block-group-is-layout-flow\" id=\"full-width\">\n<div class=\"wp-block-columns is-layout-flex wp-container-core-columns-is-layout-9d6595d7 wp-block-columns-is-layout-flex\">\n<div class=\"wp-block-column is-layout-flow wp-block-column-is-layout-flow\">\n<figure class=\"wp-block-image size-large\"><img decoding=\"async\" src=\"https:\/\/sunflower-theme.de\/demo\/wp-content\/uploads\/sites\/6\/2021\/03\/jan-huber-4OhFZSAT3sw-unsplash_red-1024x620.jpg\" alt=\"\" class=\"wp-image-337\"\/><\/figure>\n<\/div>\n\n\n\n<div class=\"wp-block-column is-vertically-aligned-center is-layout-flow wp-block-column-is-layout-flow\">\n<h2 class=\"wp-block-heading h1\">Unser Programm<br>f\u00fcr Musterstadt<\/h2>\n\n\n\n<p>Lorem ipsum dolor sit amet, consetetur sadipscing elitr, sed diam nonumy eirmod tempor invidunt ut labore et dolore magna aliquyam erat, sed diam voluptua.<br><a href=\"http:\/\/localhost\/demo\/?page_id=56\">weiterlesen<\/a><\/p>\n<\/div>\n<\/div>\n<\/div>\n\n\n\n<div class=\"wp-block-group has-text-color has-background is-layout-flow wp-block-group-is-layout-flow\" style=\"color:#ffffff;background-color:#163c29\">\n<h2 class=\"wp-block-heading has-text-align-center h1\">Werde aktiv<\/h2>\n\n\n\n<p class=\"has-text-align-center\">Hallo. Ich bin ein kleiner Blindtext. Und zwar schon so lange ich denken kann. <br>Es war nicht leicht zu verstehen, was es bedeutet, ein blinder Text zu sein.<\/p>\n\n\n\n<div class=\"wp-block-buttons is-horizontal is-content-justification-center is-layout-flex wp-container-core-buttons-is-layout-499968f5 wp-block-buttons-is-layout-flex\">\n<div class=\"wp-block-button\"><a class=\"wp-block-button__link wp-element-button\" href=\"?post_type=sunflower_event\" rel=\"\">Termine<\/a><\/div>\n\n\n\n<div class=\"wp-block-button\"><a class=\"wp-block-button__link wp-element-button\" href=\"http:\/\/www.gruene-wolfhagen.de\/?page_id=53\">Spenden<\/a><\/div>\n\n\n\n<div class=\"wp-block-button\"><a class=\"wp-block-button__link wp-element-button\" href=\"https:\/\/www.gruene.de\/mitglied-werden\" target=\"_blank\" rel=\"noreferrer noopener\">Mitglied werden<\/a><\/div>\n<\/div>\n<\/div>\n\n\n <div class=\"wp-block-group alignfull sunflower-has-background-dim has-text-color has-white-color has-background is-vertical is-content-justification-center is-content-justification-center is-layout-flex wp-block-group-is-layout-flex next-events \">\n                    <div class=\"wp-block-group__inner-container\">\n                        <h2 class=\"wp-block-heading has-text-align-center h1\">N\u00e4chste Termine<\/h2>\n                        <div class=\"wp-block-button text-center mb-5\"><a class=\"wp-block-button__link no-border-radius\" href=\"http:\/\/www.gruene-wolfhagen.de\/?post_type=sunflower_event\" rel=\"\">Alle Termine<\/a><\/div>\n                    <div class=\"row\"><div class=\"col-12 text-center h4 text-white\">Derzeit sind keine Veranstaltungen geplant.<\/div><\/div><\/div><\/div>","protected":false},"excerpt":{"rendered":"<p>HerzlichWillkommen bei den GR\u00dcNEN Wolfhagen. Liebe Interessierte,dies ist die Webseite der Wolfhager Gr\u00fcnen. Wir sind eine Gruppe von demokratisch und \u00f6kologisch denkenden B\u00fcrgerinnen und B\u00fcrgern in Wolfhagen. Gegr\u00fcndet haben wir [&hellip;]<\/p>\n","protected":false},"author":3,"featured_media":0,"parent":0,"menu_order":0,"comment_status":"closed","ping_status":"closed","template":"","meta":{"ngg_post_thumbnail":0,"footnotes":""},"class_list":["post-1229","page","type-page","status-publish","hentry"],"_links":{"self":[{"href":"http:\/\/www.gruene-wolfhagen.de\/index.php?rest_route=\/wp\/v2\/pages\/1229","targetHints":{"allow":["GET"]}}],"collection":[{"href":"http:\/\/www.gruene-wolfhagen.de\/index.php?rest_route=\/wp\/v2\/pages"}],"about":[{"href":"http:\/\/www.gruene-wolfhagen.de\/index.php?rest_route=\/wp\/v2\/types\/page"}],"author":[{"embeddable":true,"href":"http:\/\/www.gruene-wolfhagen.de\/index.php?rest_route=\/wp\/v2\/users\/3"}],"replies":[{"embeddable":true,"href":"http:\/\/www.gruene-wolfhagen.de\/index.php?rest_route=%2Fwp%2Fv2%2Fcomments&post=1229"}],"version-history":[{"count":30,"href":"http:\/\/www.gruene-wolfhagen.de\/index.php?rest_route=\/wp\/v2\/pages\/1229\/revisions"}],"predecessor-version":[{"id":1545,"href":"http:\/\/www.gruene-wolfhagen.de\/index.php?rest_route=\/wp\/v2\/pages\/1229\/revisions\/1545"}],"wp:attachment":[{"href":"http:\/\/www.gruene-wolfhagen.de\/index.php?rest_route=%2Fwp%2Fv2%2Fmedia&parent=1229"}],"curies":[{"name":"wp","href":"https:\/\/api.w.org\/{rel}","templated":true}]}}