{"id":432,"date":"2015-11-29T20:47:07","date_gmt":"2015-11-29T19:47:07","guid":{"rendered":"http:\/\/www.gruene-wolfhagen.de\/?page_id=432"},"modified":"2026-02-09T17:09:32","modified_gmt":"2026-02-09T16:09:32","slug":"politik-fuer-wolfhagen","status":"publish","type":"page","link":"http:\/\/www.gruene-wolfhagen.de\/?page_id=432","title":{"rendered":"Kommunalwahl 2021: Gr\u00fcne Kandidaten\/innen von 3\/2021 &#8211; 3\/2026"},"content":{"rendered":"<p><strong>Zur Kommunalwahl<br \/>\n<\/strong>Liste der 12 Kandidatinnen und Kandidaten als Bewerber f\u00fcr die Stadverordnetenversammlung zur Kommunalwahl&nbsp; am 14. M\u00e4rz 2021<\/p>\n<h4><strong>(01)&nbsp; Gisela Kruse, Sozialp\u00e4dagogin, Istha <\/strong><\/h4>\n<p><strong><img loading=\"lazy\" decoding=\"async\" class=\"wp-image-1039 aligncenter\" src=\"http:\/\/www.gruene-wolfhagen.de\/wp-content\/uploads\/2021\/02\/Kandidatenbild-Gisela-2-IMG_3295-2.jpg\" alt=\"\" width=\"282\" height=\"310\" srcset=\"http:\/\/www.gruene-wolfhagen.de\/wp-content\/uploads\/2021\/02\/Kandidatenbild-Gisela-2-IMG_3295-2.jpg 2355w, http:\/\/www.gruene-wolfhagen.de\/wp-content\/uploads\/2021\/02\/Kandidatenbild-Gisela-2-IMG_3295-2-273x300.jpg 273w, http:\/\/www.gruene-wolfhagen.de\/wp-content\/uploads\/2021\/02\/Kandidatenbild-Gisela-2-IMG_3295-2-768x845.jpg 768w, http:\/\/www.gruene-wolfhagen.de\/wp-content\/uploads\/2021\/02\/Kandidatenbild-Gisela-2-IMG_3295-2-930x1024.jpg 930w\" sizes=\"auto, (max-width: 282px) 100vw, 282px\" \/><\/strong><\/p>\n<p><span style=\"color: #0000ff;\">\u201eKlimaschutz f\u00e4ngt vor Ort an!&nbsp;&nbsp; Ein \u201eWeiter so\u201c ist keine L\u00f6sung. Bei politischen Entscheidungen ist entschlossenes vern\u00fcnftiges Handeln gefragt \u2013 auch im Sinne unserer Kinder und Enkel!\u201c <\/span><br \/>\n<span style=\"color: #000000;\"><em>&gt; Klimaschutz \/ Sozialpolitik<\/em><\/span><\/p>\n<p>&nbsp;<\/p>\n<h4><strong>(02)&nbsp;&nbsp;&nbsp;&nbsp;&nbsp;&nbsp;&nbsp; Markus Tripp, Dipl.-Ing. Elektrotechnik, Wenigenhasungen<\/strong><\/h4>\n<p><strong><img loading=\"lazy\" decoding=\"async\" class=\"aligncenter  wp-image-1044\" src=\"http:\/\/www.gruene-wolfhagen.de\/wp-content\/uploads\/2021\/02\/Kandidatenbild-Markus-2-IMG_3284-2.jpg\" alt=\"\" width=\"289\" height=\"305\" srcset=\"http:\/\/www.gruene-wolfhagen.de\/wp-content\/uploads\/2021\/02\/Kandidatenbild-Markus-2-IMG_3284-2.jpg 2407w, http:\/\/www.gruene-wolfhagen.de\/wp-content\/uploads\/2021\/02\/Kandidatenbild-Markus-2-IMG_3284-2-284x300.jpg 284w, http:\/\/www.gruene-wolfhagen.de\/wp-content\/uploads\/2021\/02\/Kandidatenbild-Markus-2-IMG_3284-2-768x812.jpg 768w, http:\/\/www.gruene-wolfhagen.de\/wp-content\/uploads\/2021\/02\/Kandidatenbild-Markus-2-IMG_3284-2-969x1024.jpg 969w\" sizes=\"auto, (max-width: 289px) 100vw, 289px\" \/><\/strong><\/p>\n<p><span style=\"color: #0000ff;\">\u201eRegionale Produkte st\u00e4rken bedeutet Wertsch\u00f6pfung hier! Emissionen reduzieren. Solar- \/Windenergie an geeigneten Standorten ausbauen. Als Mitglied der Feuerwehr WOH bin ich mit Brandschutz vertraut.\u201c<\/span><br \/>\n<span style=\"color: #000000;\"><em>&gt; Energiewende \/ Infrastruktur \/ Gemeinwesen<\/em><\/span><\/p>\n<p>&nbsp;<\/p>\n<h4 style=\"text-align: left;\"><strong>(03)&nbsp;&nbsp; Angelika Scharfe, Studienr\u00e4tin, Br\u00fcndersen<\/strong><\/h4>\n<p><strong><img loading=\"lazy\" decoding=\"async\" class=\"aligncenter  wp-image-1040\" src=\"http:\/\/www.gruene-wolfhagen.de\/wp-content\/uploads\/2021\/02\/Kandidatenbild-Angelika-3-IMG_3311-2.jpg\" alt=\"\" width=\"288\" height=\"320\" srcset=\"http:\/\/www.gruene-wolfhagen.de\/wp-content\/uploads\/2021\/02\/Kandidatenbild-Angelika-3-IMG_3311-2.jpg 2158w, http:\/\/www.gruene-wolfhagen.de\/wp-content\/uploads\/2021\/02\/Kandidatenbild-Angelika-3-IMG_3311-2-270x300.jpg 270w, http:\/\/www.gruene-wolfhagen.de\/wp-content\/uploads\/2021\/02\/Kandidatenbild-Angelika-3-IMG_3311-2-768x855.jpg 768w, http:\/\/www.gruene-wolfhagen.de\/wp-content\/uploads\/2021\/02\/Kandidatenbild-Angelika-3-IMG_3311-2-920x1024.jpg 920w\" sizes=\"auto, (max-width: 288px) 100vw, 288px\" \/><\/strong><\/p>\n<p><span style=\"color: #0000ff;\">\u201eMir ist eine nachhaltige und klimaneutrale Verkehrspolitik wichtig. Fortschrittliche Infrastruktur mit einer St\u00e4rkung des Radverkehrs. Gute Wohnungen sind wichtiger als Garagen.\u201c<\/span><br \/>\n<em>&gt; Verkehrspolitik \/ Radverkehr<\/em><\/p>\n<p>&nbsp;<\/p>\n<h4><strong>(04)&nbsp;&nbsp; Dr. Matthias Hughes, Internist, Philippinendorf,<\/strong><\/h4>\n<p><strong><img loading=\"lazy\" decoding=\"async\" class=\"aligncenter  wp-image-1047\" src=\"http:\/\/www.gruene-wolfhagen.de\/wp-content\/uploads\/2021\/02\/Kandidatenbild-Matthias-IMG_3256-2.jpg\" alt=\"\" width=\"283\" height=\"307\" srcset=\"http:\/\/www.gruene-wolfhagen.de\/wp-content\/uploads\/2021\/02\/Kandidatenbild-Matthias-IMG_3256-2.jpg 2011w, http:\/\/www.gruene-wolfhagen.de\/wp-content\/uploads\/2021\/02\/Kandidatenbild-Matthias-IMG_3256-2-276x300.jpg 276w, http:\/\/www.gruene-wolfhagen.de\/wp-content\/uploads\/2021\/02\/Kandidatenbild-Matthias-IMG_3256-2-768x834.jpg 768w, http:\/\/www.gruene-wolfhagen.de\/wp-content\/uploads\/2021\/02\/Kandidatenbild-Matthias-IMG_3256-2-943x1024.jpg 943w\" sizes=\"auto, (max-width: 283px) 100vw, 283px\" \/><\/strong><\/p>\n<p><span style=\"color: #0000ff;\">\u201eDer Erhalt der Kreisklinik war ein echter B\u00fcrgererfolg! F\u00fcr eine angemessene, gute medizinische Versorgung nicht nur in der Gro\u00dfstadt, sondern auch bei uns auf dem Land!&#8220;<\/span><br \/>\n<em>&gt; Gesundheitspolitik <\/em><\/p>\n<h4><strong>(05)&nbsp; Manfred Weinert, Tischlermeister, Br\u00fcndersen<\/strong><\/h4>\n<p><strong><img loading=\"lazy\" decoding=\"async\" class=\"aligncenter  wp-image-1041\" src=\"http:\/\/www.gruene-wolfhagen.de\/wp-content\/uploads\/2021\/02\/Kandidatenbild-Manfred-IMG_3319-2.jpg\" alt=\"\" width=\"289\" height=\"332\" srcset=\"http:\/\/www.gruene-wolfhagen.de\/wp-content\/uploads\/2021\/02\/Kandidatenbild-Manfred-IMG_3319-2.jpg 1960w, http:\/\/www.gruene-wolfhagen.de\/wp-content\/uploads\/2021\/02\/Kandidatenbild-Manfred-IMG_3319-2-261x300.jpg 261w, http:\/\/www.gruene-wolfhagen.de\/wp-content\/uploads\/2021\/02\/Kandidatenbild-Manfred-IMG_3319-2-768x882.jpg 768w, http:\/\/www.gruene-wolfhagen.de\/wp-content\/uploads\/2021\/02\/Kandidatenbild-Manfred-IMG_3319-2-892x1024.jpg 892w\" sizes=\"auto, (max-width: 289px) 100vw, 289px\" \/><\/strong><\/p>\n<p><span style=\"color: #0000ff;\">\u201eMeine Anliegen sind \u00f6kologisches Wirtschaften und solidarisches Miteinander, deshalb engagiere ich mich unter anderem f\u00fcr die Ver\u00e4nderung bzw. Abschaffung der Wolfhager Stra\u00dfenbausatzung.\u201c<\/span><br \/>\n&gt; \u00d6kologie \/ Kommunales<\/p>\n<p>&nbsp;<\/p>\n<h4><strong>(06)&nbsp; Walter Heimerl, Lehrer i.R., Kernstadt<\/strong><\/h4>\n<p><strong><img loading=\"lazy\" decoding=\"async\" class=\"wp-image-1042 aligncenter\" src=\"http:\/\/www.gruene-wolfhagen.de\/wp-content\/uploads\/2021\/02\/Kandidatenbild-Walter-IMG_3344-2.jpg\" alt=\"\" width=\"288\" height=\"309\" srcset=\"http:\/\/www.gruene-wolfhagen.de\/wp-content\/uploads\/2021\/02\/Kandidatenbild-Walter-IMG_3344-2.jpg 2011w, http:\/\/www.gruene-wolfhagen.de\/wp-content\/uploads\/2021\/02\/Kandidatenbild-Walter-IMG_3344-2-280x300.jpg 280w, http:\/\/www.gruene-wolfhagen.de\/wp-content\/uploads\/2021\/02\/Kandidatenbild-Walter-IMG_3344-2-768x823.jpg 768w, http:\/\/www.gruene-wolfhagen.de\/wp-content\/uploads\/2021\/02\/Kandidatenbild-Walter-IMG_3344-2-956x1024.jpg 956w\" sizes=\"auto, (max-width: 288px) 100vw, 288px\" \/><\/strong><\/p>\n<p><span style=\"color: #0000ff;\">\u201eKlimaschutz hei\u00dft auch Landschaftsschutz. Feldgeh\u00f6lze und Ackerrandstreifen erhalten, Bl\u00fchstreifen f\u00f6rdern. Keine Steinw\u00fcsten in den Vorg\u00e4rten\u201c.<\/span><br \/>\n<em>&gt; Landschaftsschutz<\/em><\/p>\n<p>&nbsp;<\/p>\n<h4><strong>(07)&nbsp; Franziska Schlag, Dipl. Sozialp\u00e4dagogin \/ Paartherapeutin, Kernstadt<\/strong><strong>&nbsp;&nbsp;<\/strong><strong>&nbsp;<br \/>\n<\/strong><\/h4>\n<h4><strong><img loading=\"lazy\" decoding=\"async\" class=\"aligncenter  wp-image-1043\" src=\"http:\/\/www.gruene-wolfhagen.de\/wp-content\/uploads\/2021\/02\/kandidatenbild-Franziska-IMG_3132-001-4.jpg\" alt=\"\" width=\"237\" height=\"319\" srcset=\"http:\/\/www.gruene-wolfhagen.de\/wp-content\/uploads\/2021\/02\/kandidatenbild-Franziska-IMG_3132-001-4.jpg 1470w, http:\/\/www.gruene-wolfhagen.de\/wp-content\/uploads\/2021\/02\/kandidatenbild-Franziska-IMG_3132-001-4-223x300.jpg 223w, http:\/\/www.gruene-wolfhagen.de\/wp-content\/uploads\/2021\/02\/kandidatenbild-Franziska-IMG_3132-001-4-768x1033.jpg 768w, http:\/\/www.gruene-wolfhagen.de\/wp-content\/uploads\/2021\/02\/kandidatenbild-Franziska-IMG_3132-001-4-761x1024.jpg 761w\" sizes=\"auto, (max-width: 237px) 100vw, 237px\" \/><\/strong><\/h4>\n<p><span style=\"color: #0000ff;\">\u201e Ein Anliegen:&nbsp; Echte Bahn- und Bus- Schnellverkehre als nutzbare Verbindung f\u00fcr Berufspendler und Landausfl\u00fcgler zwischen Wolfhagen und Kassel.\u201c<\/span><br \/>\n<em>&gt; \u00f6ffentliche\/soziale Infrastruktur<\/em><\/p>\n<h4>&nbsp;<\/h4>\n<h4><strong>(08)&nbsp; Roman Krettek, Dipl.Biologe, Kernstadt&nbsp;&nbsp; (Magistratsmitglied)<\/strong><\/h4>\n<p><strong><img loading=\"lazy\" decoding=\"async\" class=\"aligncenter  wp-image-1049\" src=\"http:\/\/www.gruene-wolfhagen.de\/wp-content\/uploads\/2021\/02\/Kandidatenbild-Roman-IMG_3246-2.jpg\" alt=\"\" width=\"283\" height=\"326\" srcset=\"http:\/\/www.gruene-wolfhagen.de\/wp-content\/uploads\/2021\/02\/Kandidatenbild-Roman-IMG_3246-2.jpg 2144w, http:\/\/www.gruene-wolfhagen.de\/wp-content\/uploads\/2021\/02\/Kandidatenbild-Roman-IMG_3246-2-261x300.jpg 261w, http:\/\/www.gruene-wolfhagen.de\/wp-content\/uploads\/2021\/02\/Kandidatenbild-Roman-IMG_3246-2-768x884.jpg 768w, http:\/\/www.gruene-wolfhagen.de\/wp-content\/uploads\/2021\/02\/Kandidatenbild-Roman-IMG_3246-2-890x1024.jpg 890w\" sizes=\"auto, (max-width: 283px) 100vw, 283px\" \/><\/strong><\/p>\n<p><span style=\"color: #0000ff;\">\u201eMehr Artenvielfalt in unsere G\u00e4rten und in die Landwirtschaft&nbsp; bringen. Heimische Ressourcen nutzen und Werte schaffen vor Ort. Mit Meinungsvielfalt gegen Politikverdrossenheit!\u201c<\/span><br \/>\n<em>&gt; Natur- und Artenschutz<\/em><\/p>\n<p>&nbsp;<\/p>\n<h4><strong>(09)&nbsp; Christina Kleyer, Sonderp\u00e4dagogin i.R. , Philippinenburg<\/strong><\/h4>\n<p><strong><img loading=\"lazy\" decoding=\"async\" class=\"aligncenter  wp-image-1046\" src=\"http:\/\/www.gruene-wolfhagen.de\/wp-content\/uploads\/2021\/02\/Kandidatenbild-Christina-IMG_3276-Kopie-2.jpg\" alt=\"\" width=\"283\" height=\"334\" srcset=\"http:\/\/www.gruene-wolfhagen.de\/wp-content\/uploads\/2021\/02\/Kandidatenbild-Christina-IMG_3276-Kopie-2.jpg 2090w, http:\/\/www.gruene-wolfhagen.de\/wp-content\/uploads\/2021\/02\/Kandidatenbild-Christina-IMG_3276-Kopie-2-254x300.jpg 254w, http:\/\/www.gruene-wolfhagen.de\/wp-content\/uploads\/2021\/02\/Kandidatenbild-Christina-IMG_3276-Kopie-2-768x906.jpg 768w, http:\/\/www.gruene-wolfhagen.de\/wp-content\/uploads\/2021\/02\/Kandidatenbild-Christina-IMG_3276-Kopie-2-868x1024.jpg 868w\" sizes=\"auto, (max-width: 283px) 100vw, 283px\" \/><\/strong><\/p>\n<p><span style=\"color: #0000ff;\">\u201eIch m\u00f6chte, dass meine Enkelkinder in einer intakten Umwelt und einer Gesellschaft aufwachsen in der Frieden und Gerechtigkeit wichtige Werte sind.\u201c<\/span><\/p>\n<p>&nbsp;<\/p>\n<h4><strong>(10)&nbsp; Ulf Jung \u2013 Kleyer, Lehrer i.R., Philippinenburg<\/strong><strong>&nbsp;<\/strong><\/h4>\n<p><strong><img loading=\"lazy\" decoding=\"async\" class=\"aligncenter  wp-image-1045\" src=\"http:\/\/www.gruene-wolfhagen.de\/wp-content\/uploads\/2021\/02\/Kandidatenbild-Ulf-IMG_3282-2.jpg\" alt=\"\" width=\"285\" height=\"336\" srcset=\"http:\/\/www.gruene-wolfhagen.de\/wp-content\/uploads\/2021\/02\/Kandidatenbild-Ulf-IMG_3282-2.jpg 2087w, http:\/\/www.gruene-wolfhagen.de\/wp-content\/uploads\/2021\/02\/Kandidatenbild-Ulf-IMG_3282-2-255x300.jpg 255w, http:\/\/www.gruene-wolfhagen.de\/wp-content\/uploads\/2021\/02\/Kandidatenbild-Ulf-IMG_3282-2-768x905.jpg 768w, http:\/\/www.gruene-wolfhagen.de\/wp-content\/uploads\/2021\/02\/Kandidatenbild-Ulf-IMG_3282-2-869x1024.jpg 869w\" sizes=\"auto, (max-width: 285px) 100vw, 285px\" \/><\/strong><\/p>\n<p><span style=\"color: #0000ff;\">\u201eWolfhagen braucht ein intaktes Radwegenetz mit Anbindung der umliegenden D\u00f6rfer. \u00d6kologische Landwirtschaft und artgerechte Tierhaltung sind mir wichtig.\u201c<\/span><\/p>\n<p>&nbsp;<\/p>\n<h4><strong>(11)&nbsp; Castelina De Sousa, Hausfrau, Kernstadt<\/strong><strong>&nbsp;&nbsp; <\/strong><\/h4>\n<p><strong><img loading=\"lazy\" decoding=\"async\" class=\"aligncenter  wp-image-1048\" src=\"http:\/\/www.gruene-wolfhagen.de\/wp-content\/uploads\/2021\/02\/Kandidatenbild-Castelina-2-IMG_3240-2.jpg\" alt=\"\" width=\"284\" height=\"369\" srcset=\"http:\/\/www.gruene-wolfhagen.de\/wp-content\/uploads\/2021\/02\/Kandidatenbild-Castelina-2-IMG_3240-2.jpg 1889w, http:\/\/www.gruene-wolfhagen.de\/wp-content\/uploads\/2021\/02\/Kandidatenbild-Castelina-2-IMG_3240-2-231x300.jpg 231w, http:\/\/www.gruene-wolfhagen.de\/wp-content\/uploads\/2021\/02\/Kandidatenbild-Castelina-2-IMG_3240-2-768x998.jpg 768w, http:\/\/www.gruene-wolfhagen.de\/wp-content\/uploads\/2021\/02\/Kandidatenbild-Castelina-2-IMG_3240-2-788x1024.jpg 788w\" sizes=\"auto, (max-width: 284px) 100vw, 284px\" \/><\/strong><\/p>\n<p><span style=\"color: #0000ff;\">\u201eMir ist wichtig f\u00fcr nachfolgende Generationen ein Vorbild zu sein. Darum setze ich mich f\u00fcr die Natur und f\u00fcr politische Bildung von M\u00e4dchen ein. Wir brauchen gutes und gen\u00fcgend Personal in Kitas.\u201c<\/span><\/p>\n<p>&nbsp;<\/p>\n<h4><strong>(12) Artur Sch\u00f6neburg, IT \u2013 Techniker, Kernstadt<\/strong><\/h4>\n<p><strong> <img loading=\"lazy\" decoding=\"async\" class=\"aligncenter  wp-image-1050\" src=\"http:\/\/www.gruene-wolfhagen.de\/wp-content\/uploads\/2021\/02\/Artur-Sch\u00f6neberg.png\" alt=\"\" width=\"281\" height=\"283\" srcset=\"http:\/\/www.gruene-wolfhagen.de\/wp-content\/uploads\/2021\/02\/Artur-Sch\u00f6neberg.png 268w, http:\/\/www.gruene-wolfhagen.de\/wp-content\/uploads\/2021\/02\/Artur-Sch\u00f6neberg-150x150.png 150w\" sizes=\"auto, (max-width: 281px) 100vw, 281px\" \/><\/strong><\/p>\n<p><span style=\"color: #0000ff;\">\u201eMeine Schwerpunkte sind Digitalisierung, Integration und Sicherheit im Radverkehr. Klimaschutz? Als Rettungsschwimmer wei\u00df ich, das \u201aKopf in den Sand stecken\u2018 nicht hilft!\u201c<\/span><br \/>\n<em>&gt; Digitalisierung \/ Radverkehr \/ Sport<\/em><\/p>\n<p>&nbsp;<\/p>\n","protected":false},"excerpt":{"rendered":"<p>Zur Kommunalwahl Liste der 12 Kandidatinnen und Kandidaten als Bewerber f\u00fcr die Stadverordnetenversammlung zur Kommunalwahl&nbsp; am 14. M\u00e4rz 2021 (01)&nbsp; Gisela Kruse, Sozialp\u00e4dagogin, Istha \u201eKlimaschutz f\u00e4ngt vor Ort an!&nbsp;&nbsp; Ein [&hellip;]<\/p>\n","protected":false},"author":3,"featured_media":0,"parent":0,"menu_order":0,"comment_status":"closed","ping_status":"closed","template":"","meta":{"ngg_post_thumbnail":0,"footnotes":""},"class_list":["post-432","page","type-page","status-publish","hentry"],"_links":{"self":[{"href":"http:\/\/www.gruene-wolfhagen.de\/index.php?rest_route=\/wp\/v2\/pages\/432","targetHints":{"allow":["GET"]}}],"collection":[{"href":"http:\/\/www.gruene-wolfhagen.de\/index.php?rest_route=\/wp\/v2\/pages"}],"about":[{"href":"http:\/\/www.gruene-wolfhagen.de\/index.php?rest_route=\/wp\/v2\/types\/page"}],"author":[{"embeddable":true,"href":"http:\/\/www.gruene-wolfhagen.de\/index.php?rest_route=\/wp\/v2\/users\/3"}],"replies":[{"embeddable":true,"href":"http:\/\/www.gruene-wolfhagen.de\/index.php?rest_route=%2Fwp%2Fv2%2Fcomments&post=432"}],"version-history":[{"count":24,"href":"http:\/\/www.gruene-wolfhagen.de\/index.php?rest_route=\/wp\/v2\/pages\/432\/revisions"}],"predecessor-version":[{"id":1524,"href":"http:\/\/www.gruene-wolfhagen.de\/index.php?rest_route=\/wp\/v2\/pages\/432\/revisions\/1524"}],"wp:attachment":[{"href":"http:\/\/www.gruene-wolfhagen.de\/index.php?rest_route=%2Fwp%2Fv2%2Fmedia&parent=432"}],"curies":[{"name":"wp","href":"https:\/\/api.w.org\/{rel}","templated":true}]}}